{"id":1319,"date":"2017-08-31T10:59:21","date_gmt":"2017-08-31T09:59:21","guid":{"rendered":"https:\/\/casacolliregas.cat\/contacte\/"},"modified":"2018-01-13T18:18:21","modified_gmt":"2018-01-13T17:18:21","slug":"contacte","status":"publish","type":"page","link":"https:\/\/casacolliregas.cat\/es\/contacte\/","title":{"rendered":"Contacto"},"content":{"rendered":"[vc_row][vc_column width=&#8221;1\/2&#8243;][vc_column_text el_id=&#8221;cabau_form_contacte&#8221;]\n<div class=\"wpcf7 no-js\" id=\"wpcf7-f1387-o1\" lang=\"ca\" dir=\"ltr\" data-wpcf7-id=\"1387\">\n<div class=\"screen-reader-response\"><p role=\"status\" aria-live=\"polite\" aria-atomic=\"true\"><\/p> <ul><\/ul><\/div>\n<form action=\"\/es\/wp-json\/wp\/v2\/pages\/1319#wpcf7-f1387-o1\" method=\"post\" class=\"wpcf7-form init\" aria-label=\"Formulari de contacte\" novalidate=\"novalidate\" data-status=\"init\">\n<fieldset class=\"hidden-fields-container\"><input type=\"hidden\" name=\"_wpcf7\" value=\"1387\" \/><input type=\"hidden\" name=\"_wpcf7_version\" value=\"6.1.5\" \/><input type=\"hidden\" name=\"_wpcf7_locale\" value=\"ca\" \/><input type=\"hidden\" name=\"_wpcf7_unit_tag\" value=\"wpcf7-f1387-o1\" \/><input type=\"hidden\" name=\"_wpcf7_container_post\" value=\"0\" \/><input type=\"hidden\" name=\"_wpcf7_posted_data_hash\" value=\"\" \/><input type=\"hidden\" name=\"_wpcf7_recaptcha_response\" value=\"\" \/>\n<\/fieldset>\n<p>Si necesitas informaci\u00f3n sobre nuestras actividades, rellena el formulario para recibir m\u00e1s informaci\u00f3n:\n<\/p>\n<p><span class=\"wpcf7-form-control-wrap\" data-name=\"your-recipient\"><select class=\"wpcf7-form-control wpcf7-select wpcf7-validates-as-required\" aria-required=\"true\" aria-invalid=\"false\" name=\"your-recipient\"><option value=\"Visitas\">Visitas<\/option><option value=\"Escuelas\">Escuelas<\/option><option value=\"Escape Room\">Escape Room<\/option><option value=\"Gastromodernismo\">Gastromodernismo<\/option><option value=\"Alquiler de espacios\">Alquiler de espacios<\/option><option value=\"Contacto Institucional\">Contacto Institucional<\/option><\/select><\/span>\n<\/p>\n<p><span class=\"wpcf7-form-control-wrap\" data-name=\"your-name\"><input size=\"40\" maxlength=\"400\" class=\"wpcf7-form-control wpcf7-text wpcf7-validates-as-required\" aria-required=\"true\" aria-invalid=\"false\" placeholder=\"Nombre y apellidos\" value=\"\" type=\"text\" name=\"your-name\" \/><\/span>\n<\/p>\n<p><span class=\"wpcf7-form-control-wrap\" data-name=\"your-email\"><input size=\"40\" maxlength=\"400\" class=\"wpcf7-form-control wpcf7-email wpcf7-validates-as-required wpcf7-text wpcf7-validates-as-email\" aria-required=\"true\" aria-invalid=\"false\" placeholder=\"Correo electr\u00f3nico\" value=\"\" type=\"email\" name=\"your-email\" \/><\/span>\n<\/p>\n<p><span class=\"wpcf7-form-control-wrap\" data-name=\"your-telephone\"><input size=\"40\" maxlength=\"400\" class=\"wpcf7-form-control wpcf7-text wpcf7-validates-as-required\" aria-required=\"true\" aria-invalid=\"false\" placeholder=\"Tel\u00e9fono\" value=\"\" type=\"text\" name=\"your-telephone\" \/><\/span>\n<\/p>\n<p><span class=\"wpcf7-form-control-wrap\" data-name=\"your-message\"><textarea cols=\"40\" rows=\"10\" maxlength=\"2000\" class=\"wpcf7-form-control wpcf7-textarea wpcf7-validates-as-required\" aria-required=\"true\" aria-invalid=\"false\" placeholder=\"Mensaje\" name=\"your-message\"><\/textarea><\/span>\n<\/p>\n<p><span class=\"wpcf7-form-control-wrap\" data-name=\"politica_de_privacitat\"><span class=\"wpcf7-form-control wpcf7-checkbox wpcf7-validates-as-required\"><span class=\"wpcf7-list-item first last\"><input type=\"checkbox\" name=\"politica_de_privacitat[]\" value=\"Acepto la pol\u00edtica de privacidad\" \/><span class=\"wpcf7-list-item-label\">Acepto la pol\u00edtica de privacidad<\/span><\/span><\/span><\/span>\n<\/p>\n<p>FUNDACI\u00d3 ILURO, FUNDACI\u00d3 PRIVADA ESPECIAL como responsable del tratamiento tratar\u00e1 tus datos con el fin de dar respuesta a tu consulta o petici\u00f3n. Puedes acceder, rectificar y suprimir tus datos, as\u00ed como ejercer otros derechos consultando la informaci\u00f3n adicional y detallada sobre protecci\u00f3n de datos en nuestra <a href=\"https:\/\/fundacioiluro.cat\/politica-de-privacitat\/\" target=\"_blank\">Pol\u00edtica de Privacidad<\/a>.\n<\/p>\n<p><input class=\"wpcf7-form-control wpcf7-submit has-spinner\" type=\"submit\" value=\"Enviar\" \/>\n<\/p><div class=\"wpcf7-response-output\" aria-hidden=\"true\"><\/div>\n<\/form>\n<\/div>\n[\/vc_column_text][\/vc_column][vc_column width=&#8221;1\/2&#8243;][vc_gmaps link=&#8221;#E-8_JTNDaWZyYW1lJTIwc3JjJTNEJTIyaHR0cHMlM0ElMkYlMkZ3d3cuZ29vZ2xlLmNvbSUyRm1hcHMlMkZlbWJlZCUzRnBiJTNEJTIxMW0xOCUyMTFtMTIlMjExbTMlMjExZDc0Ni41ODA0MzIzMTQ0MzQ3JTIxMmQyLjQ0MDg4ODU4Njg3MjIwMTIlMjEzZDQxLjU0MDYzMDY5MDY4ODE1JTIxMm0zJTIxMWYwJTIxMmYwJTIxM2YwJTIxM20yJTIxMWkxMDI0JTIxMmk3NjglMjE0ZjEzLjElMjEzbTMlMjExbTIlMjExczB4MTJhNGI1MjIxY2FjYzA1NyUyNTNBMHg3MDM2M2ZjMTVjYjEyMTBlJTIxMnNDYXJyZXIlMkJkJTI2JTIzMzklM0JBcmdlbnRvbmElMjUyQyUyQjU1JTI1MkMlMkIwODMwMiUyQk1hdGFyJTI1QzMlMjVCMyUyNTJDJTJCQmFyY2Vsb25hJTIxNWUwJTIxM20yJTIxMXNjYSUyMTJzZXMlMjE0djE1MDQyNjQ1MDMxNTMlMjIlMjB3aWR0aCUzRCUyMjYwMCUyMiUyMGhlaWdodCUzRCUyMjQ1MCUyMiUyMGZyYW1lYm9yZGVyJTNEJTIyMCUyMiUyMHN0eWxlJTNEJTIyYm9yZGVyJTNBMCUyMiUyMGFsbG93ZnVsbHNjcmVlbiUzRSUzQyUyRmlmcmFtZSUzRQ==&#8221; size=&#8221;200px&#8221;][vc_empty_space height=&#8221;20px&#8221;][vc_column_text el_class=&#8221;cabau_text_generic&#8221;]<strong>Casa Coll i Reg\u00e0s<\/strong><br \/>\nCarrer d&#8217;Argentona, 55<br \/>\n08302 Matar\u00f3 (Barcelona)<\/p>\n<p><strong>VISITAS Y RESERVAS<\/strong><br \/>\n<a href=\"mailto:visites@casacolliregas.cat\" target=\"_blank\" rel=\"noopener\">visites@casacolliregas.cat<\/a><br \/>\nT. 682156765<\/p>\n<p><strong>ESCUELAS<\/strong><br \/>\n<a href=\"mailto:escoles@casacolliregas.cat\" target=\"_blank\" rel=\"noopener\">escoles@casacolliregas.cat<\/a><br \/>\nT. 937908474<\/p>\n<p><strong>ALQUILER DE ESPACIOS<\/strong><br \/>\n<a href=\"mailto:espais@casacolliregas.cat\">espais@casacolliregas.cat<\/a><br \/>\nT. 937908474<\/p>\n<p><strong>INSTITUCIONAL<\/strong><br \/>\n<a href=\"mailto:casacolliregas@casacolliregas.cat\" target=\"_blank\" rel=\"noopener\">casacolliregas@casacolliregas.cat<\/a><br \/>\nT. 937908474[\/vc_column_text][\/vc_column][\/vc_row][vc_row][vc_column][vc_empty_space height=&#8221;40px&#8221;][\/vc_column][\/vc_row]\n","protected":false},"excerpt":{"rendered":"<p>[vc_row][vc_column width=&#8221;1\/2&#8243;][vc_column_text el_id=&#8221;cabau_form_contacte&#8221;][\/vc_column_text][\/vc_column][vc_column width=&#8221;1\/2&#8243;][vc_gmaps link=&#8221;#E-8_JTNDaWZyYW1lJTIwc3JjJTNEJTIyaHR0cHMlM0ElMkYlMkZ3d3cuZ29vZ2xlLmNvbSUyRm1hcHMlMkZlbWJlZCUzRnBiJTNEJTIxMW0xOCUyMTFtMTIlMjExbTMlMjExZDc0Ni41ODA0MzIzMTQ0MzQ3JTIxMmQyLjQ0MDg4ODU4Njg3MjIwMTIlMjEzZDQxLjU0MDYzMDY5MDY4ODE1JTIxMm0zJTIxMWYwJTIxMmYwJTIxM2YwJTIxM20yJTIxMWkxMDI0JTIxMmk3NjglMjE0ZjEzLjElMjEzbTMlMjExbTIlMjExczB4MTJhNGI1MjIxY2FjYzA1NyUyNTNBMHg3MDM2M2ZjMTVjYjEyMTBlJTIxMnNDYXJyZXIlMkJkJTI2JTIzMzklM0JBcmdlbnRvbmElMjUyQyUyQjU1JTI1MkMlMkIwODMwMiUyQk1hdGFyJTI1QzMlMjVCMyUyNTJDJTJCQmFyY2Vsb25hJTIxNWUwJTIxM20yJTIxMXNjYSUyMTJzZXMlMjE0djE1MDQyNjQ1MDMxNTMlMjIlMjB3aWR0aCUzRCUyMjYwMCUyMiUyMGhlaWdodCUzRCUyMjQ1MCUyMiUyMGZyYW1lYm9yZGVyJTNEJTIyMCUyMiUyMHN0eWxlJTNEJTIyYm9yZGVyJTNBMCUyMiUyMGFsbG93ZnVsbHNjcmVlbiUzRSUzQyUyRmlmcmFtZSUzRQ==&#8221; size=&#8221;200px&#8221;][vc_empty_space height=&#8221;20px&#8221;][vc_column_text el_class=&#8221;cabau_text_generic&#8221;]Casa Coll i Reg\u00e0s Carrer d&#8217;Argentona, 55 08302 Matar\u00f3 (Barcelona) VISITAS Y RESERVAS visites@casacolliregas.cat T. 682156765 ESCUELAS escoles@casacolliregas.cat T. 937908474 ALQUILER DE ESPACIOS espais@casacolliregas.cat T. 937908474 INSTITUCIONAL casacolliregas@casacolliregas.cat T. 937908474[\/vc_column_text][\/vc_column][\/vc_row][vc_row][vc_column][vc_empty_space height=&#8221;40px&#8221;][\/vc_column][\/vc_row]<\/p>\n","protected":false},"author":2,"featured_media":0,"parent":0,"menu_order":0,"comment_status":"closed","ping_status":"closed","template":"","meta":{"_acf_changed":false,"footnotes":""},"class_list":["post-1319","page","type-page","status-publish","hentry","entry","no-media"],"acf":[],"yoast_head":"<!-- This site is optimized with the Yoast SEO plugin v26.8 - https:\/\/yoast.com\/product\/yoast-seo-wordpress\/ -->\n<title>Contacto - Casa Coll i Reg\u00e0s<\/title>\n<meta name=\"robots\" content=\"index, follow, max-snippet:-1, max-image-preview:large, max-video-preview:-1\" \/>\n<link rel=\"canonical\" href=\"https:\/\/casacolliregas.cat\/es\/contacte\/\" \/>\n<meta property=\"og:locale\" content=\"es_ES\" \/>\n<meta property=\"og:type\" content=\"article\" \/>\n<meta property=\"og:title\" content=\"Contacto - Casa Coll i Reg\u00e0s\" \/>\n<meta property=\"og:description\" content=\"[vc_row][vc_column width=&#8221;1\/2&#8243;][vc_column_text el_id=&#8221;cabau_form_contacte&#8221;][\/vc_column_text][\/vc_column][vc_column width=&#8221;1\/2&#8243;][vc_gmaps link=&#8221;#E-8_JTNDaWZyYW1lJTIwc3JjJTNEJTIyaHR0cHMlM0ElMkYlMkZ3d3cuZ29vZ2xlLmNvbSUyRm1hcHMlMkZlbWJlZCUzRnBiJTNEJTIxMW0xOCUyMTFtMTIlMjExbTMlMjExZDc0Ni41ODA0MzIzMTQ0MzQ3JTIxMmQyLjQ0MDg4ODU4Njg3MjIwMTIlMjEzZDQxLjU0MDYzMDY5MDY4ODE1JTIxMm0zJTIxMWYwJTIxMmYwJTIxM2YwJTIxM20yJTIxMWkxMDI0JTIxMmk3NjglMjE0ZjEzLjElMjEzbTMlMjExbTIlMjExczB4MTJhNGI1MjIxY2FjYzA1NyUyNTNBMHg3MDM2M2ZjMTVjYjEyMTBlJTIxMnNDYXJyZXIlMkJkJTI2JTIzMzklM0JBcmdlbnRvbmElMjUyQyUyQjU1JTI1MkMlMkIwODMwMiUyQk1hdGFyJTI1QzMlMjVCMyUyNTJDJTJCQmFyY2Vsb25hJTIxNWUwJTIxM20yJTIxMXNjYSUyMTJzZXMlMjE0djE1MDQyNjQ1MDMxNTMlMjIlMjB3aWR0aCUzRCUyMjYwMCUyMiUyMGhlaWdodCUzRCUyMjQ1MCUyMiUyMGZyYW1lYm9yZGVyJTNEJTIyMCUyMiUyMHN0eWxlJTNEJTIyYm9yZGVyJTNBMCUyMiUyMGFsbG93ZnVsbHNjcmVlbiUzRSUzQyUyRmlmcmFtZSUzRQ==&#8221; size=&#8221;200px&#8221;][vc_empty_space height=&#8221;20px&#8221;][vc_column_text el_class=&#8221;cabau_text_generic&#8221;]Casa Coll i Reg\u00e0s Carrer d&#8217;Argentona, 55 08302 Matar\u00f3 (Barcelona) VISITAS Y RESERVAS visites@casacolliregas.cat T. 682156765 ESCUELAS escoles@casacolliregas.cat T. 937908474 ALQUILER DE ESPACIOS espais@casacolliregas.cat T. 937908474 INSTITUCIONAL casacolliregas@casacolliregas.cat T. 937908474[\/vc_column_text][\/vc_column][\/vc_row][vc_row][vc_column][vc_empty_space height=&#8221;40px&#8221;][\/vc_column][\/vc_row]\" \/>\n<meta property=\"og:url\" content=\"https:\/\/casacolliregas.cat\/es\/contacte\/\" \/>\n<meta property=\"og:site_name\" content=\"Casa Coll i Reg\u00e0s\" \/>\n<meta property=\"article:publisher\" content=\"https:\/\/www.facebook.com\/casacolliregas\/\" \/>\n<meta property=\"article:modified_time\" content=\"2018-01-13T17:18:21+00:00\" \/>\n<meta name=\"twitter:card\" content=\"summary_large_image\" \/>\n<meta name=\"twitter:site\" content=\"@casacolliregas\" \/>\n<meta name=\"twitter:label1\" content=\"Tiempo de lectura\" \/>\n\t<meta name=\"twitter:data1\" content=\"1 minuto\" \/>\n<!-- \/ Yoast SEO plugin. -->","yoast_head_json":{"title":"Contacto - Casa Coll i Reg\u00e0s","robots":{"index":"index","follow":"follow","max-snippet":"max-snippet:-1","max-image-preview":"max-image-preview:large","max-video-preview":"max-video-preview:-1"},"canonical":"https:\/\/casacolliregas.cat\/es\/contacte\/","og_locale":"es_ES","og_type":"article","og_title":"Contacto - Casa Coll i Reg\u00e0s","og_description":"[vc_row][vc_column width=&#8221;1\/2&#8243;][vc_column_text el_id=&#8221;cabau_form_contacte&#8221;][\/vc_column_text][\/vc_column][vc_column width=&#8221;1\/2&#8243;][vc_gmaps link=&#8221;#E-8_JTNDaWZyYW1lJTIwc3JjJTNEJTIyaHR0cHMlM0ElMkYlMkZ3d3cuZ29vZ2xlLmNvbSUyRm1hcHMlMkZlbWJlZCUzRnBiJTNEJTIxMW0xOCUyMTFtMTIlMjExbTMlMjExZDc0Ni41ODA0MzIzMTQ0MzQ3JTIxMmQyLjQ0MDg4ODU4Njg3MjIwMTIlMjEzZDQxLjU0MDYzMDY5MDY4ODE1JTIxMm0zJTIxMWYwJTIxMmYwJTIxM2YwJTIxM20yJTIxMWkxMDI0JTIxMmk3NjglMjE0ZjEzLjElMjEzbTMlMjExbTIlMjExczB4MTJhNGI1MjIxY2FjYzA1NyUyNTNBMHg3MDM2M2ZjMTVjYjEyMTBlJTIxMnNDYXJyZXIlMkJkJTI2JTIzMzklM0JBcmdlbnRvbmElMjUyQyUyQjU1JTI1MkMlMkIwODMwMiUyQk1hdGFyJTI1QzMlMjVCMyUyNTJDJTJCQmFyY2Vsb25hJTIxNWUwJTIxM20yJTIxMXNjYSUyMTJzZXMlMjE0djE1MDQyNjQ1MDMxNTMlMjIlMjB3aWR0aCUzRCUyMjYwMCUyMiUyMGhlaWdodCUzRCUyMjQ1MCUyMiUyMGZyYW1lYm9yZGVyJTNEJTIyMCUyMiUyMHN0eWxlJTNEJTIyYm9yZGVyJTNBMCUyMiUyMGFsbG93ZnVsbHNjcmVlbiUzRSUzQyUyRmlmcmFtZSUzRQ==&#8221; size=&#8221;200px&#8221;][vc_empty_space height=&#8221;20px&#8221;][vc_column_text el_class=&#8221;cabau_text_generic&#8221;]Casa Coll i Reg\u00e0s Carrer d&#8217;Argentona, 55 08302 Matar\u00f3 (Barcelona) VISITAS Y RESERVAS visites@casacolliregas.cat T. 682156765 ESCUELAS escoles@casacolliregas.cat T. 937908474 ALQUILER DE ESPACIOS espais@casacolliregas.cat T. 937908474 INSTITUCIONAL casacolliregas@casacolliregas.cat T. 937908474[\/vc_column_text][\/vc_column][\/vc_row][vc_row][vc_column][vc_empty_space height=&#8221;40px&#8221;][\/vc_column][\/vc_row]","og_url":"https:\/\/casacolliregas.cat\/es\/contacte\/","og_site_name":"Casa Coll i Reg\u00e0s","article_publisher":"https:\/\/www.facebook.com\/casacolliregas\/","article_modified_time":"2018-01-13T17:18:21+00:00","twitter_card":"summary_large_image","twitter_site":"@casacolliregas","twitter_misc":{"Tiempo de lectura":"1 minuto"},"schema":{"@context":"https:\/\/schema.org","@graph":[{"@type":"WebPage","@id":"https:\/\/casacolliregas.cat\/es\/contacte\/","url":"https:\/\/casacolliregas.cat\/es\/contacte\/","name":"Contacto - Casa Coll i Reg\u00e0s","isPartOf":{"@id":"https:\/\/casacolliregas.cat\/#website"},"datePublished":"2017-08-31T09:59:21+00:00","dateModified":"2018-01-13T17:18:21+00:00","breadcrumb":{"@id":"https:\/\/casacolliregas.cat\/es\/contacte\/#breadcrumb"},"inLanguage":"es","potentialAction":[{"@type":"ReadAction","target":["https:\/\/casacolliregas.cat\/es\/contacte\/"]}]},{"@type":"BreadcrumbList","@id":"https:\/\/casacolliregas.cat\/es\/contacte\/#breadcrumb","itemListElement":[{"@type":"ListItem","position":1,"name":"Inici","item":"https:\/\/casacolliregas.cat\/es\/"},{"@type":"ListItem","position":2,"name":"Contacto"}]},{"@type":"WebSite","@id":"https:\/\/casacolliregas.cat\/#website","url":"https:\/\/casacolliregas.cat\/","name":"Casa Coll i Reg\u00e0s","description":"","publisher":{"@id":"https:\/\/casacolliregas.cat\/#organization"},"potentialAction":[{"@type":"SearchAction","target":{"@type":"EntryPoint","urlTemplate":"https:\/\/casacolliregas.cat\/?s={search_term_string}"},"query-input":{"@type":"PropertyValueSpecification","valueRequired":true,"valueName":"search_term_string"}}],"inLanguage":"es"},{"@type":"Organization","@id":"https:\/\/casacolliregas.cat\/#organization","name":"Casa Coll i Reg\u00e0s","url":"https:\/\/casacolliregas.cat\/","logo":{"@type":"ImageObject","inLanguage":"es","@id":"https:\/\/casacolliregas.cat\/#\/schema\/logo\/image\/","url":"https:\/\/casacolliregas.cat\/wp-content\/uploads\/2017\/09\/logo-casa-coll-i-regas.jpg","contentUrl":"https:\/\/casacolliregas.cat\/wp-content\/uploads\/2017\/09\/logo-casa-coll-i-regas.jpg","width":190,"height":125,"caption":"Casa Coll i Reg\u00e0s"},"image":{"@id":"https:\/\/casacolliregas.cat\/#\/schema\/logo\/image\/"},"sameAs":["https:\/\/www.facebook.com\/casacolliregas\/","https:\/\/x.com\/casacolliregas","https:\/\/instagram.com\/casacolliregas","https:\/\/ca.wikipedia.org\/wiki\/Casa_Coll_i_Reg\u00e0s"]}]}},"_links":{"self":[{"href":"https:\/\/casacolliregas.cat\/es\/wp-json\/wp\/v2\/pages\/1319","targetHints":{"allow":["GET"]}}],"collection":[{"href":"https:\/\/casacolliregas.cat\/es\/wp-json\/wp\/v2\/pages"}],"about":[{"href":"https:\/\/casacolliregas.cat\/es\/wp-json\/wp\/v2\/types\/page"}],"author":[{"embeddable":true,"href":"https:\/\/casacolliregas.cat\/es\/wp-json\/wp\/v2\/users\/2"}],"replies":[{"embeddable":true,"href":"https:\/\/casacolliregas.cat\/es\/wp-json\/wp\/v2\/comments?post=1319"}],"version-history":[{"count":0,"href":"https:\/\/casacolliregas.cat\/es\/wp-json\/wp\/v2\/pages\/1319\/revisions"}],"wp:attachment":[{"href":"https:\/\/casacolliregas.cat\/es\/wp-json\/wp\/v2\/media?parent=1319"}],"curies":[{"name":"wp","href":"https:\/\/api.w.org\/{rel}","templated":true}]}}