{"id":1373,"date":"2017-08-31T10:59:03","date_gmt":"2017-08-31T09:59:03","guid":{"rendered":"https:\/\/casacolliregas.cat\/lloguer-despais\/"},"modified":"2025-02-20T17:37:21","modified_gmt":"2025-02-20T16:37:21","slug":"lloguer-despais","status":"publish","type":"page","link":"https:\/\/casacolliregas.cat\/en\/lloguer-despais\/","title":{"rendered":"Space rental"},"content":{"rendered":"[vc_row][vc_column][vc_custom_heading text=&#8221;A unique space for weddings, private events and audiovisual projects&#8221; font_container=&#8221;tag:h2|text_align:center|color:%23000000&#8243; use_theme_fonts=&#8221;yes&#8221;][vc_empty_space height=&#8221;20px&#8221;][vc_column_text font_family=&#8221;Bookman Old Style, serif&#8221; font_size=&#8221;14&#8243;]\n<p style=\"text-align: center;\">Do you want to celebrate a unique and different event in a special space in the center of Matar\u00f3?<br \/>\nCome to Casa Coll i Reg\u00e0s!<\/p>\n<p style=\"text-align: center;\">Contact us if you want to organize your event and enjoy this modernist jewel!<\/p>\n[\/vc_column_text][vc_empty_space height=&#8221;20px&#8221;][rev_slider_vc alias=&#8221;lloguer-despais-slider-1&#8243;][vc_empty_space height=&#8221;100px&#8221;][vc_custom_heading text=&#8221;Information about space rental&#8221; font_container=&#8221;tag:h2|text_align:center|color:%23000000&#8243; use_theme_fonts=&#8221;yes&#8221;][vc_empty_space height=&#8221;20px&#8221;]\n<div class=\"wpcf7 no-js\" id=\"wpcf7-f1391-o1\" lang=\"ca\" dir=\"ltr\" data-wpcf7-id=\"1391\">\n<div class=\"screen-reader-response\"><p role=\"status\" aria-live=\"polite\" aria-atomic=\"true\"><\/p> <ul><\/ul><\/div>\n<form action=\"\/en\/wp-json\/wp\/v2\/pages\/1373#wpcf7-f1391-o1\" method=\"post\" class=\"wpcf7-form init\" aria-label=\"Formulari de contacte\" novalidate=\"novalidate\" data-status=\"init\">\n<fieldset class=\"hidden-fields-container\"><input type=\"hidden\" name=\"_wpcf7\" value=\"1391\" \/><input type=\"hidden\" name=\"_wpcf7_version\" value=\"6.1.5\" \/><input type=\"hidden\" name=\"_wpcf7_locale\" value=\"ca\" \/><input type=\"hidden\" name=\"_wpcf7_unit_tag\" value=\"wpcf7-f1391-o1\" \/><input type=\"hidden\" name=\"_wpcf7_container_post\" value=\"0\" \/><input type=\"hidden\" name=\"_wpcf7_posted_data_hash\" value=\"\" \/><input type=\"hidden\" name=\"_wpcf7_recaptcha_response\" value=\"\" \/>\n<\/fieldset>\n<p>Fill out this form to receive more information about renting spaces\n<\/p>\n<p><span class=\"wpcf7-form-control-wrap\" data-name=\"your-recipient\"><select class=\"wpcf7-form-control wpcf7-select wpcf7-validates-as-required\" aria-required=\"true\" aria-invalid=\"false\" name=\"your-recipient\"><option value=\"Space rental\">Space rental<\/option><\/select><\/span>\n<\/p>\n<p><span class=\"wpcf7-form-control-wrap\" data-name=\"your-name\"><input size=\"40\" maxlength=\"400\" class=\"wpcf7-form-control wpcf7-text wpcf7-validates-as-required\" aria-required=\"true\" aria-invalid=\"false\" placeholder=\"Name and surname\" value=\"\" type=\"text\" name=\"your-name\" \/><\/span>\n<\/p>\n<p><span class=\"wpcf7-form-control-wrap\" data-name=\"your-email\"><input size=\"40\" maxlength=\"400\" class=\"wpcf7-form-control wpcf7-email wpcf7-validates-as-required wpcf7-text wpcf7-validates-as-email\" aria-required=\"true\" aria-invalid=\"false\" placeholder=\"E-Mail\" value=\"\" type=\"email\" name=\"your-email\" \/><\/span>\n<\/p>\n<p><span class=\"wpcf7-form-control-wrap\" data-name=\"your-telephone\"><input size=\"40\" maxlength=\"400\" class=\"wpcf7-form-control wpcf7-text wpcf7-validates-as-required\" aria-required=\"true\" aria-invalid=\"false\" placeholder=\"Telephone\" value=\"\" type=\"text\" name=\"your-telephone\" \/><\/span>\n<\/p>\n<p><span class=\"wpcf7-form-control-wrap\" data-name=\"your-message\"><textarea cols=\"40\" rows=\"10\" maxlength=\"2000\" class=\"wpcf7-form-control wpcf7-textarea wpcf7-validates-as-required\" aria-required=\"true\" aria-invalid=\"false\" placeholder=\"Message\" name=\"your-message\"><\/textarea><\/span>\n<\/p>\n<p><span class=\"wpcf7-form-control-wrap\" data-name=\"politica_de_privacitat\"><span class=\"wpcf7-form-control wpcf7-checkbox wpcf7-validates-as-required\"><span class=\"wpcf7-list-item first last\"><input type=\"checkbox\" name=\"politica_de_privacitat[]\" value=\"I accept the Privacy Policy\" \/><span class=\"wpcf7-list-item-label\">I accept the Privacy Policy<\/span><\/span><\/span><\/span>\n<\/p>\n<p>FUNDACI\u00d3 ILURO, FUNDACI\u00d3 PRIVADA ESPECIAL will process your data to respond to the query or request.<br \/>\nIn our Privacy Policy, you can access, rectify or delete your data and exercise other rights related to data protection. <a href=\"https:\/\/fundacioiluro.cat\/politica-de-privacitat\/\" target=\"_blank\">Privacy Policy<\/a>.\n<\/p>\n<p><input class=\"wpcf7-form-control wpcf7-submit has-spinner\" type=\"submit\" value=\"Send\" \/>\n<\/p><div class=\"wpcf7-response-output\" aria-hidden=\"true\"><\/div>\n<\/form>\n<\/div>\n[\/vc_column][\/vc_row]\n","protected":false},"excerpt":{"rendered":"<p>[vc_row][vc_column][vc_custom_heading text=&#8221;A unique space for weddings, private events and audiovisual projects&#8221; font_container=&#8221;tag:h2|text_align:center|color:%23000000&#8243; use_theme_fonts=&#8221;yes&#8221;][vc_empty_space height=&#8221;20px&#8221;][vc_column_text font_family=&#8221;Bookman Old Style, serif&#8221; font_size=&#8221;14&#8243;] Do you want to celebrate a unique and different event in a special space in the center of Matar\u00f3? Come to&hellip;<\/p>\n","protected":false},"author":2,"featured_media":0,"parent":0,"menu_order":0,"comment_status":"closed","ping_status":"closed","template":"","meta":{"_acf_changed":false,"footnotes":""},"class_list":["post-1373","page","type-page","status-publish","hentry","entry","no-media"],"acf":[],"yoast_head":"<!-- This site is optimized with the Yoast SEO plugin v26.8 - https:\/\/yoast.com\/product\/yoast-seo-wordpress\/ -->\n<title>Space rental - Casa Coll i Reg\u00e0s<\/title>\n<meta name=\"description\" content=\"Vols celebrar un esdeveniment \u00fanic i diferent?Busques un espai \u00fanic i especial per a una celebraci\u00f3?Si el que necessites \u00e9s una vetllada \u00fanica, en un espai modernista i en ple centre de Matar\u00f3, la Casa Coll i Reg\u00e0s \u00e9s per a tu!Un marc ideal per a actes, celebracions, aniversaris, casaments, reunions, presentacions, esdeveniments, ...Contacta&#039;ns i gaudeix d&#039;una joia modernista!\" \/>\n<meta name=\"robots\" content=\"index, follow, max-snippet:-1, max-image-preview:large, max-video-preview:-1\" \/>\n<link rel=\"canonical\" href=\"https:\/\/casacolliregas.cat\/en\/lloguer-despais\/\" \/>\n<meta property=\"og:locale\" content=\"en_US\" \/>\n<meta property=\"og:type\" content=\"article\" \/>\n<meta property=\"og:title\" content=\"Space rental - Casa Coll i Reg\u00e0s\" \/>\n<meta property=\"og:description\" content=\"Vols celebrar un esdeveniment \u00fanic i diferent?Busques un espai \u00fanic i especial per a una celebraci\u00f3?Si el que necessites \u00e9s una vetllada \u00fanica, en un espai modernista i en ple centre de Matar\u00f3, la Casa Coll i Reg\u00e0s \u00e9s per a tu!Un marc ideal per a actes, celebracions, aniversaris, casaments, reunions, presentacions, esdeveniments, ...Contacta&#039;ns i gaudeix d&#039;una joia modernista!\" \/>\n<meta property=\"og:url\" content=\"https:\/\/casacolliregas.cat\/en\/lloguer-despais\/\" \/>\n<meta property=\"og:site_name\" content=\"Casa Coll i Reg\u00e0s\" \/>\n<meta property=\"article:publisher\" content=\"https:\/\/www.facebook.com\/casacolliregas\/\" \/>\n<meta property=\"article:modified_time\" content=\"2025-02-20T16:37:21+00:00\" \/>\n<meta name=\"twitter:card\" content=\"summary_large_image\" \/>\n<meta name=\"twitter:site\" content=\"@casacolliregas\" \/>\n<meta name=\"twitter:label1\" content=\"Est. reading time\" \/>\n\t<meta name=\"twitter:data1\" content=\"1 minute\" \/>\n<!-- \/ Yoast SEO plugin. -->","yoast_head_json":{"title":"Space rental - Casa Coll i Reg\u00e0s","description":"Vols celebrar un esdeveniment \u00fanic i diferent?Busques un espai \u00fanic i especial per a una celebraci\u00f3?Si el que necessites \u00e9s una vetllada \u00fanica, en un espai modernista i en ple centre de Matar\u00f3, la Casa Coll i Reg\u00e0s \u00e9s per a tu!Un marc ideal per a actes, celebracions, aniversaris, casaments, reunions, presentacions, esdeveniments, ...Contacta'ns i gaudeix d'una joia modernista!","robots":{"index":"index","follow":"follow","max-snippet":"max-snippet:-1","max-image-preview":"max-image-preview:large","max-video-preview":"max-video-preview:-1"},"canonical":"https:\/\/casacolliregas.cat\/en\/lloguer-despais\/","og_locale":"en_US","og_type":"article","og_title":"Space rental - Casa Coll i Reg\u00e0s","og_description":"Vols celebrar un esdeveniment \u00fanic i diferent?Busques un espai \u00fanic i especial per a una celebraci\u00f3?Si el que necessites \u00e9s una vetllada \u00fanica, en un espai modernista i en ple centre de Matar\u00f3, la Casa Coll i Reg\u00e0s \u00e9s per a tu!Un marc ideal per a actes, celebracions, aniversaris, casaments, reunions, presentacions, esdeveniments, ...Contacta'ns i gaudeix d'una joia modernista!","og_url":"https:\/\/casacolliregas.cat\/en\/lloguer-despais\/","og_site_name":"Casa Coll i Reg\u00e0s","article_publisher":"https:\/\/www.facebook.com\/casacolliregas\/","article_modified_time":"2025-02-20T16:37:21+00:00","twitter_card":"summary_large_image","twitter_site":"@casacolliregas","twitter_misc":{"Est. reading time":"1 minute"},"schema":{"@context":"https:\/\/schema.org","@graph":[{"@type":"WebPage","@id":"https:\/\/casacolliregas.cat\/en\/lloguer-despais\/","url":"https:\/\/casacolliregas.cat\/en\/lloguer-despais\/","name":"Space rental - Casa Coll i Reg\u00e0s","isPartOf":{"@id":"https:\/\/casacolliregas.cat\/#website"},"datePublished":"2017-08-31T09:59:03+00:00","dateModified":"2025-02-20T16:37:21+00:00","description":"Vols celebrar un esdeveniment \u00fanic i diferent?Busques un espai \u00fanic i especial per a una celebraci\u00f3?Si el que necessites \u00e9s una vetllada \u00fanica, en un espai modernista i en ple centre de Matar\u00f3, la Casa Coll i Reg\u00e0s \u00e9s per a tu!Un marc ideal per a actes, celebracions, aniversaris, casaments, reunions, presentacions, esdeveniments, ...Contacta'ns i gaudeix d'una joia modernista!","breadcrumb":{"@id":"https:\/\/casacolliregas.cat\/en\/lloguer-despais\/#breadcrumb"},"inLanguage":"en-US","potentialAction":[{"@type":"ReadAction","target":["https:\/\/casacolliregas.cat\/en\/lloguer-despais\/"]}]},{"@type":"BreadcrumbList","@id":"https:\/\/casacolliregas.cat\/en\/lloguer-despais\/#breadcrumb","itemListElement":[{"@type":"ListItem","position":1,"name":"Inici","item":"https:\/\/casacolliregas.cat\/en\/"},{"@type":"ListItem","position":2,"name":"Space rental"}]},{"@type":"WebSite","@id":"https:\/\/casacolliregas.cat\/#website","url":"https:\/\/casacolliregas.cat\/","name":"Casa Coll i Reg\u00e0s","description":"","publisher":{"@id":"https:\/\/casacolliregas.cat\/#organization"},"potentialAction":[{"@type":"SearchAction","target":{"@type":"EntryPoint","urlTemplate":"https:\/\/casacolliregas.cat\/?s={search_term_string}"},"query-input":{"@type":"PropertyValueSpecification","valueRequired":true,"valueName":"search_term_string"}}],"inLanguage":"en-US"},{"@type":"Organization","@id":"https:\/\/casacolliregas.cat\/#organization","name":"Casa Coll i Reg\u00e0s","url":"https:\/\/casacolliregas.cat\/","logo":{"@type":"ImageObject","inLanguage":"en-US","@id":"https:\/\/casacolliregas.cat\/#\/schema\/logo\/image\/","url":"https:\/\/casacolliregas.cat\/wp-content\/uploads\/2017\/09\/logo-casa-coll-i-regas.jpg","contentUrl":"https:\/\/casacolliregas.cat\/wp-content\/uploads\/2017\/09\/logo-casa-coll-i-regas.jpg","width":190,"height":125,"caption":"Casa Coll i Reg\u00e0s"},"image":{"@id":"https:\/\/casacolliregas.cat\/#\/schema\/logo\/image\/"},"sameAs":["https:\/\/www.facebook.com\/casacolliregas\/","https:\/\/x.com\/casacolliregas","https:\/\/instagram.com\/casacolliregas","https:\/\/ca.wikipedia.org\/wiki\/Casa_Coll_i_Reg\u00e0s"]}]}},"_links":{"self":[{"href":"https:\/\/casacolliregas.cat\/en\/wp-json\/wp\/v2\/pages\/1373","targetHints":{"allow":["GET"]}}],"collection":[{"href":"https:\/\/casacolliregas.cat\/en\/wp-json\/wp\/v2\/pages"}],"about":[{"href":"https:\/\/casacolliregas.cat\/en\/wp-json\/wp\/v2\/types\/page"}],"author":[{"embeddable":true,"href":"https:\/\/casacolliregas.cat\/en\/wp-json\/wp\/v2\/users\/2"}],"replies":[{"embeddable":true,"href":"https:\/\/casacolliregas.cat\/en\/wp-json\/wp\/v2\/comments?post=1373"}],"version-history":[{"count":1,"href":"https:\/\/casacolliregas.cat\/en\/wp-json\/wp\/v2\/pages\/1373\/revisions"}],"predecessor-version":[{"id":72954,"href":"https:\/\/casacolliregas.cat\/en\/wp-json\/wp\/v2\/pages\/1373\/revisions\/72954"}],"wp:attachment":[{"href":"https:\/\/casacolliregas.cat\/en\/wp-json\/wp\/v2\/media?parent=1373"}],"curies":[{"name":"wp","href":"https:\/\/api.w.org\/{rel}","templated":true}]}}